{"id":2581,"date":"2023-08-16T10:11:46","date_gmt":"2023-08-16T10:11:46","guid":{"rendered":"https:\/\/www.stinesofiesstiftelse.no\/?page_id=2581"},"modified":"2026-01-30T12:01:10","modified_gmt":"2026-01-30T11:01:10","slug":"opplevd-vold-eller-overgrep","status":"publish","type":"page","link":"https:\/\/www.stinesofiesstiftelse.no\/sme\/barn-og-unge\/opplevd-vold-eller-overgrep\/","title":{"rendered":"Jeg eller noen jeg kjenner har opplevd vold eller overgrep \u2013 hva gj\u00f8r jeg?"},"content":{"rendered":"\n<div class=\"wp-block-group alignfull sss-content-header has-global-padding is-layout-constrained wp-block-group-is-layout-constrained\" style=\"margin-top:0;margin-bottom:0\">\n<div class=\"wp-block-group is-layout-flow wp-block-group-is-layout-flow\" style=\"padding-top:4vw;padding-bottom:3vw\"><div class=\"yoast-breadcrumbs\"><span><span><a href=\"https:\/\/www.stinesofiesstiftelse.no\/\">Hjem<\/a><\/span> \u2013 <span><a href=\"https:\/\/www.stinesofiesstiftelse.no\/?page_id=1946\">For barn og unge<\/a><\/span> \u2013 <span class=\"breadcrumb_last\" aria-current=\"page\">Jeg eller noen jeg kjenner har opplevd vold eller overgrep \u2013 hva gj\u00f8r jeg?<\/span><\/span><\/div>\n\n<h1 class=\"is-style-has-blob wp-block-post-title has-text-color has-primary-color\">Jeg eller noen jeg kjenner har opplevd vold eller overgrep \u2013 hva gj\u00f8r jeg?<\/h1>\n\n\n<p>Ikke alle barn vet at vold og overgrep ikke er lov, men alle voksne vet det. I Norge har vi lover som bestemmer hva som er lov og ikke lov \u00e5 gj\u00f8re.<\/p>\n\n\n\n<p> I disse lovene st\u00e5r det at alle voksne skal passe p\u00e5 at barn er trygge. De som bryter loven m\u00e5 stoppes, og f\u00e5 hjelp til \u00e5 slutte \u00e5 gj\u00f8re det som er ulovlig.<\/p>\n\n\n\n<p>Det ALDRI barnas skyld hvis en opplever vold.<\/p>\n\n\n\n<p>Det er viktig \u00e5 si ifra til en trygg voksen. Kanskje en nabo, en i familien, eller en l\u00e6rer? Eller kanskje en helsesykepleier p\u00e5 skolen?<\/p>\n\n\n\n<p>N\u00e5r du sier ifra s\u00e5 skal de voksne hjelpe deg, slik at det vonde kan stoppe, du kan f\u00e5 prate med noen som forst\u00e5r, og de som gj\u00f8r det vonde kan f\u00e5 hjelp til \u00e5 stoppe.<\/p>\n\n\n\n<p>B\u00e5de barn og voksne kan ogs\u00e5 ta kontakt med Alarmtelefonen for barn og unge 116 111. Her kan man b\u00e5de ringe og chatte.N\u00e5r barn kontakter&nbsp;<a href=\"https:\/\/www.116111.no\/\">Alarmtelefone<\/a>n skjer f\u00f8lgende:<\/p>\n\n\n\n<ul class=\"wp-block-list\">\n<li>Du f\u00e5r snakke med en voksen som \u00f8nsker \u00e5 hjelpe deg.<\/li>\n\n\n\n<li>De gir deg r\u00e5d dersom det er noe du lurer p\u00e5.<\/li>\n\n\n\n<li>De gir deg r\u00e5d om hvordan du kan f\u00e5 hjelp fra andre.<\/li>\n\n\n\n<li>Du kan v\u00e6re anonym.<\/li>\n\n\n\n<li>Det er gratis \u00e5 ringe 116 111.<\/li>\n<\/ul>\n\n\n\n<p>Hvis du er veldig redd, s\u00e5 tar de ta kontakt med&nbsp;<a href=\"https:\/\/www.politiet.no\/kontakt-politiet\/\">politi<\/a>&nbsp;eller<a href=\"https:\/\/www.helsenorge.no\/hjelpetilbud-i-kommunene\/legevakt\/\">&nbsp;legevakt<\/a>&nbsp;der du bor, s\u00e5nn at du kan f\u00e5 hjelp med en gang.<\/p>\n<\/div>\n\n\n\n<div style=\"height:25px\" aria-hidden=\"true\" class=\"wp-block-spacer\"><\/div>\n<\/div>\n\n\n\n<div class=\"wp-block-columns alignwide sss-image-text has-secondary-green-background-color has-background is-layout-flex wp-container-core-columns-is-layout-3fb004a6 wp-block-columns-is-layout-flex\" style=\"border-radius:4px;padding-top:0;padding-right:0;padding-bottom:0;padding-left:0\">\n<div class=\"wp-block-column is-layout-flow wp-block-column-is-layout-flow\">\n<figure class=\"wp-block-image size-large is-resized\"><img loading=\"lazy\" decoding=\"async\" src=\"https:\/\/d1713zmupob0gt.cloudfront.net\/wp-content\/uploads\/2023\/06\/28125319\/Bjornen-sover-forbi-1024x576.jpg\" alt=\"\" class=\"wp-image-1796\" style=\"width:1024px;height:576px\" width=\"1024\" height=\"576\" srcset=\"https:\/\/d1713zmupob0gt.cloudfront.net\/wp-content\/uploads\/2023\/06\/28125319\/Bjornen-sover-forbi-1024x576.jpg 1024w, https:\/\/d1713zmupob0gt.cloudfront.net\/wp-content\/uploads\/2023\/06\/28125319\/Bjornen-sover-forbi-300x169.jpg 300w, https:\/\/d1713zmupob0gt.cloudfront.net\/wp-content\/uploads\/2023\/06\/28125319\/Bjornen-sover-forbi-768x432.jpg 768w, https:\/\/d1713zmupob0gt.cloudfront.net\/wp-content\/uploads\/2023\/06\/28125319\/Bjornen-sover-forbi-1536x864.jpg 1536w, https:\/\/d1713zmupob0gt.cloudfront.net\/wp-content\/uploads\/2023\/06\/28125319\/Bjornen-sover-forbi-2048x1152.jpg 2048w\" sizes=\"auto, (max-width: 1024px) 100vw, 1024px\" \/><\/figure>\n<\/div>\n\n\n\n<div class=\"wp-block-column is-layout-flow wp-block-column-is-layout-flow\" style=\"padding-top:var(--wp--preset--spacing--50);padding-right:0;padding-bottom:var(--wp--preset--spacing--50);padding-left:0\">\n<div class=\"wp-block-group has-global-padding is-content-justification-left is-layout-constrained wp-container-core-group-is-layout-c80ec7c2 wp-block-group-is-layout-constrained\" style=\"padding-right:var(--wp--preset--spacing--50)\">\n<h2 class=\"wp-block-heading has-contrast-color has-text-color\">Jeg vil vite<\/h2>\n\n\n\n<p>Jeg vil vite er et e-l\u00e6ringsverkt\u00f8y om vold og overgrep. Der kan barn l\u00e6re mer om hva som er lov og hva som ikke er lov, og voksne om hvordan de lettere kan snakke med barn om vold og overgrep.<\/p>\n\n\n<a class=\"wp-block-read-more\" href=\"https:\/\/www.stinesofiesstiftelse.no\/sme\/barn-og-unge\/opplevd-vold-eller-overgrep\/\" target=\"_self\">Les mer<span class=\"screen-reader-text\">: Jeg eller noen jeg kjenner har opplevd vold eller overgrep \u2013 hva gj\u00f8r jeg?<\/span><\/a><\/div>\n<\/div>\n<\/div>\n\n\n\n<section class=\"alignwide wp-block-aptum-pagelinker\" id=\"block_8b394b25a9c2e8e3b32eb0037e1975e2\">\n\n<div class=\"wp-block-aptum-pagelinker__inner alignwide columns-3\">\n\t\t<div class=\"wp-block-aptum-pagelinker__grid\">\n\n\t\t\t\t\t\t\t\t\t\t\t\t\t\t<a class=\"wp-block-aptum-pagelinker__item\" href=\"https:\/\/www.stinesofiesstiftelse.no\/sme\/?page_id=2577\" target=\"_self\">\n\t\t\t\t\t\t\t\t\t\t\t\t\t\t<div class=\"wp-block-aptum-pagelinker__content\">\n\t\t\t\t\t\t\t\t\t\t\t\t\t\t\t\t<div class=\"wp-block-aptum-pagelinker__text\">\n\t\t\t\t\t\t\t\t\t<h3 class=\"wp-block-aptum-pagelinker__title \">Hva er vold?<i class=\"wp-block-aptum-pagelinker__arrow\"><\/i><\/h3>\n\t\t\t\t\t\t\t\t\t\t\t\t\t\t\t\t\t\t\t<p class=\"wp-block-aptum-pagelinker__excerpt\">Ingen voksne har lov til \u00e5 gj\u00f8re vonde ting mot barn. Men av og til gj\u00f8r noen voksne det likevel.<\/p>\n\t\t\t\t\t\t\t\t\t\t\t\t\t\t\t\t\t<\/div>\n\t\t\t\t\t\t\t<\/div>\n\t\t\t\t\t\t<\/a>\n\t\t\t\t\t\t\t\t\t\t\t\t\t\t\t\t\t\t\t\t\t<a class=\"wp-block-aptum-pagelinker__item\" href=\"https:\/\/www.stinesofiesstiftelse.no\/sme\/barn-og-unge\/hva-er-overgrep\/\" target=\"_self\">\n\t\t\t\t\t\t\t\t\t\t\t\t\t\t<div class=\"wp-block-aptum-pagelinker__content\">\n\t\t\t\t\t\t\t\t\t\t\t\t\t\t\t\t<div class=\"wp-block-aptum-pagelinker__text\">\n\t\t\t\t\t\t\t\t\t<h3 class=\"wp-block-aptum-pagelinker__title \">Hva er overgrep?<i class=\"wp-block-aptum-pagelinker__arrow\"><\/i><\/h3>\n\t\t\t\t\t\t\t\t\t\t\t\t\t\t\t\t\t\t\t<p class=\"wp-block-aptum-pagelinker__excerpt\">Overgrep er n\u00e5r voksne eller ungdom gj\u00f8r sex-ting med barn. Eller hvis barn tvinger andre barn med p\u00e5 tissen-leker.<\/p>\n\t\t\t\t\t\t\t\t\t\t\t\t\t\t\t\t\t<\/div>\n\t\t\t\t\t\t\t<\/div>\n\t\t\t\t\t\t<\/a>\n\t\t\t\t\t\t\t\t\t\t\t\t\t\t\t\t\t\t\t\t\t<a class=\"wp-block-aptum-pagelinker__item\" href=\"https:\/\/www.stinesofiesstiftelse.no\/sme\/barn-og-unge\/opplevd-vold-eller-overgrep\/\" target=\"_self\">\n\t\t\t\t\t\t\t\t\t\t\t\t\t\t<div class=\"wp-block-aptum-pagelinker__content\">\n\t\t\t\t\t\t\t\t\t\t\t\t\t\t\t\t<div class=\"wp-block-aptum-pagelinker__text\">\n\t\t\t\t\t\t\t\t\t<h3 class=\"wp-block-aptum-pagelinker__title \">Jeg eller noen jeg kjenner har opplevd vold eller overgrep \u2013 hva gj\u00f8r jeg?<i class=\"wp-block-aptum-pagelinker__arrow\"><\/i><\/h3>\n\t\t\t\t\t\t\t\t\t\t\t\t\t\t\t\t\t\t\t<p class=\"wp-block-aptum-pagelinker__excerpt\">Ikke alle barn vet at vold og overgrep ikke er lov, men alle voksne vet det. I Norge har vi lover som bestemmer hva som e&#8230;<\/p>\n\t\t\t\t\t\t\t\t\t\t\t\t\t\t\t\t\t<\/div>\n\t\t\t\t\t\t\t<\/div>\n\t\t\t\t\t\t<\/a>\n\t\t\t\t\t\t\t\t\t\t\t\t\t\t\t\t\t\t\t\t\t\t\t\t\t\t\t\t\t\t\t<a class=\"wp-block-aptum-pagelinker__item\" href=\"https:\/\/www.stinesofiesstiftelse.no\/sme\/?page_id=2585\" target=\"_self\">\n\t\t\t\t\t\t\t\t\t\t\t\t\t\t<div class=\"wp-block-aptum-pagelinker__content\">\n\t\t\t\t\t\t\t\t\t\t\t\t\t\t\t\t<div class=\"wp-block-aptum-pagelinker__text\">\n\t\t\t\t\t\t\t\t\t<h3 class=\"wp-block-aptum-pagelinker__title \">Hvor kan jeg f\u00e5 hjelp?<i class=\"wp-block-aptum-pagelinker__arrow\"><\/i><\/h3>\n\t\t\t\t\t\t\t\t\t\t\t\t\t\t\t\t\t\t\t<p class=\"wp-block-aptum-pagelinker__excerpt\">Her kan du lese om hvem du kan kontakte <\/p>\n\t\t\t\t\t\t\t\t\t\t\t\t\t\t\t\t\t<\/div>\n\t\t\t\t\t\t\t<\/div>\n\t\t\t\t\t\t<\/a>\n\t\t\t\t\t\t\t\t\t\t\t\t\t\t\t\t\t\t\t\t\t<\/div>\n<\/div>\n\n<\/section>\n","protected":false},"excerpt":{"rendered":"<p>Ikke alle barn vet at vold og overgrep ikke er lov, men alle voksne vet det. I Norge har vi [&hellip;]<\/p>\n","protected":false},"author":1,"featured_media":751,"parent":1946,"menu_order":0,"comment_status":"closed","ping_status":"closed","template":"","meta":{"_acf_changed":false,"inline_featured_image":false,"footnotes":""},"class_list":["post-2581","page","type-page","status-publish","has-post-thumbnail","hentry"],"acf":[],"mb":[],"yoast_head":"<!-- This site is optimized with the Yoast SEO plugin v27.3 - https:\/\/yoast.com\/product\/yoast-seo-wordpress\/ -->\n<title>Jeg eller noen jeg kjenner har opplevd vold eller overgrep \u2013 hva gj\u00f8r jeg? - Stine Sofies Stiftelse<\/title>\n<meta name=\"robots\" content=\"index, follow, max-snippet:-1, max-image-preview:large, max-video-preview:-1\" \/>\n<link rel=\"canonical\" href=\"https:\/\/www.stinesofiesstiftelse.no\/barn-og-unge\/opplevd-vold-eller-overgrep\/\" \/>\n<meta property=\"og:locale\" content=\"en_US\" \/>\n<meta property=\"og:type\" content=\"article\" \/>\n<meta property=\"og:title\" content=\"Jeg eller noen jeg kjenner har opplevd vold eller overgrep \u2013 hva gj\u00f8r jeg? - Stine Sofies Stiftelse\" \/>\n<meta property=\"og:description\" content=\"Ikke alle barn vet at vold og overgrep ikke er lov, men alle voksne vet det. I Norge har vi [&hellip;]\" \/>\n<meta property=\"og:url\" content=\"https:\/\/www.stinesofiesstiftelse.no\/barn-og-unge\/opplevd-vold-eller-overgrep\/\" \/>\n<meta property=\"og:site_name\" content=\"Stine Sofies Stiftelse\" \/>\n<meta property=\"article:publisher\" content=\"https:\/\/www.facebook.com\/StineSofiesStiftelse\/\" \/>\n<meta property=\"article:modified_time\" content=\"2026-01-30T11:01:10+00:00\" \/>\n<meta property=\"og:image\" content=\"https:\/\/d1713zmupob0gt.cloudfront.net\/wp-content\/uploads\/2023\/06\/20095431\/andrew-seaman-ey5zZOkYL0Q-unsplash-scaled.jpg\" \/>\n\t<meta property=\"og:image:width\" content=\"2560\" \/>\n\t<meta property=\"og:image:height\" content=\"2560\" \/>\n\t<meta property=\"og:image:type\" content=\"image\/jpeg\" \/>\n<meta name=\"twitter:card\" content=\"summary_large_image\" \/>\n<meta name=\"twitter:label1\" content=\"Est. reading time\" \/>\n\t<meta name=\"twitter:data1\" content=\"5 minutes\" \/>\n<script type=\"application\/ld+json\" class=\"yoast-schema-graph\">{\"@context\":\"https:\\\/\\\/schema.org\",\"@graph\":[{\"@type\":\"WebPage\",\"@id\":\"https:\\\/\\\/www.stinesofiesstiftelse.no\\\/barn-og-unge\\\/opplevd-vold-eller-overgrep\\\/\",\"url\":\"https:\\\/\\\/www.stinesofiesstiftelse.no\\\/barn-og-unge\\\/opplevd-vold-eller-overgrep\\\/\",\"name\":\"Jeg eller noen jeg kjenner har opplevd vold eller overgrep \u2013 hva gj\u00f8r jeg? - Stine Sofies Stiftelse\",\"isPartOf\":{\"@id\":\"https:\\\/\\\/www.stinesofiesstiftelse.no\\\/#website\"},\"primaryImageOfPage\":{\"@id\":\"https:\\\/\\\/www.stinesofiesstiftelse.no\\\/barn-og-unge\\\/opplevd-vold-eller-overgrep\\\/#primaryimage\"},\"image\":{\"@id\":\"https:\\\/\\\/www.stinesofiesstiftelse.no\\\/barn-og-unge\\\/opplevd-vold-eller-overgrep\\\/#primaryimage\"},\"thumbnailUrl\":\"https:\\\/\\\/d1713zmupob0gt.cloudfront.net\\\/wp-content\\\/uploads\\\/2023\\\/06\\\/20095431\\\/andrew-seaman-ey5zZOkYL0Q-unsplash-scaled.jpg\",\"datePublished\":\"2023-08-16T10:11:46+00:00\",\"dateModified\":\"2026-01-30T11:01:10+00:00\",\"breadcrumb\":{\"@id\":\"https:\\\/\\\/www.stinesofiesstiftelse.no\\\/barn-og-unge\\\/opplevd-vold-eller-overgrep\\\/#breadcrumb\"},\"inLanguage\":\"sme-NO\",\"potentialAction\":[{\"@type\":\"ReadAction\",\"target\":[\"https:\\\/\\\/www.stinesofiesstiftelse.no\\\/barn-og-unge\\\/opplevd-vold-eller-overgrep\\\/\"]}]},{\"@type\":\"ImageObject\",\"inLanguage\":\"sme-NO\",\"@id\":\"https:\\\/\\\/www.stinesofiesstiftelse.no\\\/barn-og-unge\\\/opplevd-vold-eller-overgrep\\\/#primaryimage\",\"url\":\"https:\\\/\\\/d1713zmupob0gt.cloudfront.net\\\/wp-content\\\/uploads\\\/2023\\\/06\\\/20095431\\\/andrew-seaman-ey5zZOkYL0Q-unsplash-scaled.jpg\",\"contentUrl\":\"https:\\\/\\\/d1713zmupob0gt.cloudfront.net\\\/wp-content\\\/uploads\\\/2023\\\/06\\\/20095431\\\/andrew-seaman-ey5zZOkYL0Q-unsplash-scaled.jpg\",\"width\":2560,\"height\":2560},{\"@type\":\"BreadcrumbList\",\"@id\":\"https:\\\/\\\/www.stinesofiesstiftelse.no\\\/barn-og-unge\\\/opplevd-vold-eller-overgrep\\\/#breadcrumb\",\"itemListElement\":[{\"@type\":\"ListItem\",\"position\":1,\"name\":\"Hjem\",\"item\":\"https:\\\/\\\/www.stinesofiesstiftelse.no\\\/\"},{\"@type\":\"ListItem\",\"position\":2,\"name\":\"For barn og unge\",\"item\":\"https:\\\/\\\/www.stinesofiesstiftelse.no\\\/?page_id=1946\"},{\"@type\":\"ListItem\",\"position\":3,\"name\":\"Jeg eller noen jeg kjenner har opplevd vold eller overgrep \u2013 hva gj\u00f8r jeg?\"}]},{\"@type\":\"WebSite\",\"@id\":\"https:\\\/\\\/www.stinesofiesstiftelse.no\\\/#website\",\"url\":\"https:\\\/\\\/www.stinesofiesstiftelse.no\\\/\",\"name\":\"Stine Sofies Stiftelse\",\"description\":\"\",\"publisher\":{\"@id\":\"https:\\\/\\\/www.stinesofiesstiftelse.no\\\/#organization\"},\"potentialAction\":[{\"@type\":\"SearchAction\",\"target\":{\"@type\":\"EntryPoint\",\"urlTemplate\":\"https:\\\/\\\/www.stinesofiesstiftelse.no\\\/?s={search_term_string}\"},\"query-input\":{\"@type\":\"PropertyValueSpecification\",\"valueRequired\":true,\"valueName\":\"search_term_string\"}}],\"inLanguage\":\"sme-NO\"},{\"@type\":\"Organization\",\"@id\":\"https:\\\/\\\/www.stinesofiesstiftelse.no\\\/#organization\",\"name\":\"Stine Sofies Stiftelse\",\"url\":\"https:\\\/\\\/www.stinesofiesstiftelse.no\\\/\",\"logo\":{\"@type\":\"ImageObject\",\"inLanguage\":\"sme-NO\",\"@id\":\"https:\\\/\\\/www.stinesofiesstiftelse.no\\\/#\\\/schema\\\/logo\\\/image\\\/\",\"url\":\"https:\\\/\\\/d1713zmupob0gt.cloudfront.net\\\/wp-content\\\/uploads\\\/2024\\\/10\\\/19093628\\\/cropped-Stine_sofies_stiftelse_logosymbol.png\",\"contentUrl\":\"https:\\\/\\\/d1713zmupob0gt.cloudfront.net\\\/wp-content\\\/uploads\\\/2024\\\/10\\\/19093628\\\/cropped-Stine_sofies_stiftelse_logosymbol.png\",\"width\":512,\"height\":512,\"caption\":\"Stine Sofies Stiftelse\"},\"image\":{\"@id\":\"https:\\\/\\\/www.stinesofiesstiftelse.no\\\/#\\\/schema\\\/logo\\\/image\\\/\"},\"sameAs\":[\"https:\\\/\\\/www.facebook.com\\\/StineSofiesStiftelse\\\/\"]}]}<\/script>\n<!-- \/ Yoast SEO plugin. -->","yoast_head_json":{"title":"Jeg eller noen jeg kjenner har opplevd vold eller overgrep \u2013 hva gj\u00f8r jeg? - Stine Sofies Stiftelse","robots":{"index":"index","follow":"follow","max-snippet":"max-snippet:-1","max-image-preview":"max-image-preview:large","max-video-preview":"max-video-preview:-1"},"canonical":"https:\/\/www.stinesofiesstiftelse.no\/barn-og-unge\/opplevd-vold-eller-overgrep\/","og_locale":"en_US","og_type":"article","og_title":"Jeg eller noen jeg kjenner har opplevd vold eller overgrep \u2013 hva gj\u00f8r jeg? - Stine Sofies Stiftelse","og_description":"Ikke alle barn vet at vold og overgrep ikke er lov, men alle voksne vet det. I Norge har vi [&hellip;]","og_url":"https:\/\/www.stinesofiesstiftelse.no\/barn-og-unge\/opplevd-vold-eller-overgrep\/","og_site_name":"Stine Sofies Stiftelse","article_publisher":"https:\/\/www.facebook.com\/StineSofiesStiftelse\/","article_modified_time":"2026-01-30T11:01:10+00:00","og_image":[{"width":2560,"height":2560,"url":"https:\/\/d1713zmupob0gt.cloudfront.net\/wp-content\/uploads\/2023\/06\/20095431\/andrew-seaman-ey5zZOkYL0Q-unsplash-scaled.jpg","type":"image\/jpeg"}],"twitter_card":"summary_large_image","twitter_misc":{"Est. reading time":"5 minutes"},"schema":{"@context":"https:\/\/schema.org","@graph":[{"@type":"WebPage","@id":"https:\/\/www.stinesofiesstiftelse.no\/barn-og-unge\/opplevd-vold-eller-overgrep\/","url":"https:\/\/www.stinesofiesstiftelse.no\/barn-og-unge\/opplevd-vold-eller-overgrep\/","name":"Jeg eller noen jeg kjenner har opplevd vold eller overgrep \u2013 hva gj\u00f8r jeg? - Stine Sofies Stiftelse","isPartOf":{"@id":"https:\/\/www.stinesofiesstiftelse.no\/#website"},"primaryImageOfPage":{"@id":"https:\/\/www.stinesofiesstiftelse.no\/barn-og-unge\/opplevd-vold-eller-overgrep\/#primaryimage"},"image":{"@id":"https:\/\/www.stinesofiesstiftelse.no\/barn-og-unge\/opplevd-vold-eller-overgrep\/#primaryimage"},"thumbnailUrl":"https:\/\/d1713zmupob0gt.cloudfront.net\/wp-content\/uploads\/2023\/06\/20095431\/andrew-seaman-ey5zZOkYL0Q-unsplash-scaled.jpg","datePublished":"2023-08-16T10:11:46+00:00","dateModified":"2026-01-30T11:01:10+00:00","breadcrumb":{"@id":"https:\/\/www.stinesofiesstiftelse.no\/barn-og-unge\/opplevd-vold-eller-overgrep\/#breadcrumb"},"inLanguage":"sme-NO","potentialAction":[{"@type":"ReadAction","target":["https:\/\/www.stinesofiesstiftelse.no\/barn-og-unge\/opplevd-vold-eller-overgrep\/"]}]},{"@type":"ImageObject","inLanguage":"sme-NO","@id":"https:\/\/www.stinesofiesstiftelse.no\/barn-og-unge\/opplevd-vold-eller-overgrep\/#primaryimage","url":"https:\/\/d1713zmupob0gt.cloudfront.net\/wp-content\/uploads\/2023\/06\/20095431\/andrew-seaman-ey5zZOkYL0Q-unsplash-scaled.jpg","contentUrl":"https:\/\/d1713zmupob0gt.cloudfront.net\/wp-content\/uploads\/2023\/06\/20095431\/andrew-seaman-ey5zZOkYL0Q-unsplash-scaled.jpg","width":2560,"height":2560},{"@type":"BreadcrumbList","@id":"https:\/\/www.stinesofiesstiftelse.no\/barn-og-unge\/opplevd-vold-eller-overgrep\/#breadcrumb","itemListElement":[{"@type":"ListItem","position":1,"name":"Hjem","item":"https:\/\/www.stinesofiesstiftelse.no\/"},{"@type":"ListItem","position":2,"name":"For barn og unge","item":"https:\/\/www.stinesofiesstiftelse.no\/?page_id=1946"},{"@type":"ListItem","position":3,"name":"Jeg eller noen jeg kjenner har opplevd vold eller overgrep \u2013 hva gj\u00f8r jeg?"}]},{"@type":"WebSite","@id":"https:\/\/www.stinesofiesstiftelse.no\/#website","url":"https:\/\/www.stinesofiesstiftelse.no\/","name":"Stine Sofies Stiftelse","description":"","publisher":{"@id":"https:\/\/www.stinesofiesstiftelse.no\/#organization"},"potentialAction":[{"@type":"SearchAction","target":{"@type":"EntryPoint","urlTemplate":"https:\/\/www.stinesofiesstiftelse.no\/?s={search_term_string}"},"query-input":{"@type":"PropertyValueSpecification","valueRequired":true,"valueName":"search_term_string"}}],"inLanguage":"sme-NO"},{"@type":"Organization","@id":"https:\/\/www.stinesofiesstiftelse.no\/#organization","name":"Stine Sofies Stiftelse","url":"https:\/\/www.stinesofiesstiftelse.no\/","logo":{"@type":"ImageObject","inLanguage":"sme-NO","@id":"https:\/\/www.stinesofiesstiftelse.no\/#\/schema\/logo\/image\/","url":"https:\/\/d1713zmupob0gt.cloudfront.net\/wp-content\/uploads\/2024\/10\/19093628\/cropped-Stine_sofies_stiftelse_logosymbol.png","contentUrl":"https:\/\/d1713zmupob0gt.cloudfront.net\/wp-content\/uploads\/2024\/10\/19093628\/cropped-Stine_sofies_stiftelse_logosymbol.png","width":512,"height":512,"caption":"Stine Sofies Stiftelse"},"image":{"@id":"https:\/\/www.stinesofiesstiftelse.no\/#\/schema\/logo\/image\/"},"sameAs":["https:\/\/www.facebook.com\/StineSofiesStiftelse\/"]}]}},"mfb_rest_fields":["title","yoast_head","yoast_head_json"],"_links":{"self":[{"href":"https:\/\/www.stinesofiesstiftelse.no\/sme\/wp-json\/wp\/v2\/pages\/2581","targetHints":{"allow":["GET"]}}],"collection":[{"href":"https:\/\/www.stinesofiesstiftelse.no\/sme\/wp-json\/wp\/v2\/pages"}],"about":[{"href":"https:\/\/www.stinesofiesstiftelse.no\/sme\/wp-json\/wp\/v2\/types\/page"}],"author":[{"embeddable":true,"href":"https:\/\/www.stinesofiesstiftelse.no\/sme\/wp-json\/wp\/v2\/users\/1"}],"replies":[{"embeddable":true,"href":"https:\/\/www.stinesofiesstiftelse.no\/sme\/wp-json\/wp\/v2\/comments?post=2581"}],"version-history":[{"count":2,"href":"https:\/\/www.stinesofiesstiftelse.no\/sme\/wp-json\/wp\/v2\/pages\/2581\/revisions"}],"predecessor-version":[{"id":13155,"href":"https:\/\/www.stinesofiesstiftelse.no\/sme\/wp-json\/wp\/v2\/pages\/2581\/revisions\/13155"}],"up":[{"embeddable":true,"href":"https:\/\/www.stinesofiesstiftelse.no\/sme\/wp-json\/wp\/v2\/pages\/1946"}],"wp:featuredmedia":[{"embeddable":true,"href":"https:\/\/www.stinesofiesstiftelse.no\/sme\/wp-json\/wp\/v2\/media\/751"}],"wp:attachment":[{"href":"https:\/\/www.stinesofiesstiftelse.no\/sme\/wp-json\/wp\/v2\/media?parent=2581"}],"curies":[{"name":"wp","href":"https:\/\/api.w.org\/{rel}","templated":true}]}}