{"id":4873,"date":"2023-12-11T09:49:31","date_gmt":"2023-12-11T08:49:31","guid":{"rendered":"https:\/\/www.stinesofiesstiftelse.no\/?page_id=4873"},"modified":"2026-04-09T15:59:39","modified_gmt":"2026-04-09T13:59:39","slug":"webinar-bli-med-pa-digital-opplaering-i-stine-sofie-foreldrepakke","status":"publish","type":"page","link":"https:\/\/www.stinesofiesstiftelse.no\/sma\/vart-arbeid\/stine-sofie-foreldrepakke\/for-dere-som-har-stine-sofie-foreldrepakke\/webinar-bli-med-pa-digital-opplaering-i-stine-sofie-foreldrepakke\/","title":{"rendered":"Webinar: Oppl\u00e6ring i Stine Sofie Foreldrepakke"},"content":{"rendered":"\n<div class=\"wp-block-group alignwide sss-content-header has-global-padding is-layout-constrained wp-block-group-is-layout-constrained\" style=\"margin-top:0;margin-bottom:0\">\n<div class=\"wp-block-group is-layout-flow wp-block-group-is-layout-flow\" style=\"padding-top:4vw;padding-bottom:0vw\"><div class=\"yoast-breadcrumbs\"><span><span><a href=\"https:\/\/www.stinesofiesstiftelse.no\/\">Hjem<\/a><\/span> \u2013 <span><a href=\"https:\/\/www.stinesofiesstiftelse.no\/vart-arbeid\/\">V\u00e5rt arbeid<\/a><\/span> \u2013 <span><a href=\"https:\/\/www.stinesofiesstiftelse.no\/vart-arbeid\/stine-sofie-foreldrepakke\/\">Stine Sofie Foreldrepakke<\/a><\/span> \u2013 <span><a href=\"https:\/\/www.stinesofiesstiftelse.no\/vart-arbeid\/stine-sofie-foreldrepakke\/for-dere-som-har-stine-sofie-foreldrepakke\/\">For dere som har Stine Sofie Foreldrepakke<\/a><\/span> \u2013 <span class=\"breadcrumb_last\" aria-current=\"page\">Webinar: Oppl\u00e6ring i Stine Sofie Foreldrepakke<\/span><\/span><\/div>\n\n<h1 class=\"is-style-has-blob wp-block-post-title has-text-color has-primary-color\">Webinar: Oppl\u00e6ring i Stine Sofie Foreldrepakke<\/h1>\n\n\n<p style=\"padding-right:0;padding-left:0\">N\u00e5 kan du som jobber med de aller minste barna f\u00e5 gratis digital oppl\u00e6ring.&nbsp;Meld p\u00e5 deg og dine kollegaer i dag. Webinarene varer omtrent 1 time, inkludert pause.<\/p>\n<\/div>\n<\/div>\n\n\n\n<section class=\"align wp-block-aptum-pagelinker\" id=\"block_b251c0af40388e12f4a5f83728898d2e\">\n\n<div class=\"wp-block-aptum-pagelinker__inner columns-2 item-bg\">\n\t<h2 class=\"wp-block-aptum-pagelinker__heading\">Velg tidspunkt og meld deg p\u00e5 webinar<\/h2>\t<div class=\"wp-block-aptum-pagelinker__grid\">\n\n\t\t\t\t\t\t\t\t\t\t\t\t\t\t<a class=\"wp-block-aptum-pagelinker__item\" href=\"https:\/\/event.checkin.no\/215056\/slik-bruker-du-stine-sofie-foreldrepakke-gratis-opplaering-for-helsepersonell\" target=\"_blank\">\n\t\t\t\t\t\t\t\t\t\t\t\t\t\t<div class=\"wp-block-aptum-pagelinker__content\">\n\t\t\t\t\t\t\t\t\t\t\t\t\t\t\t\t<div class=\"wp-block-aptum-pagelinker__text\">\n\t\t\t\t\t\t\t\t\t<h3 class=\"wp-block-aptum-pagelinker__title \">Digital oppl\u00e6ring &#8211; April<i class=\"wp-block-aptum-pagelinker__arrow\"><\/i><\/h3>\n\t\t\t\t\t\t\t\t\t\t\t\t\t\t\t\t\t\t\t<p class=\"wp-block-aptum-pagelinker__excerpt\">Meld deg p\u00e5 til v\u00e5rt webinar 29. april.\r\n12:00 &#8211; 13:00<\/p>\n\t\t\t\t\t\t\t\t\t\t\t\t\t\t\t\t\t<\/div>\n\t\t\t\t\t\t\t<\/div>\n\t\t\t\t\t\t<\/a>\n\t\t\t\t\t\t\t\t\t\t\t\t\t\t\t\t\t\t\t\t\t<a class=\"wp-block-aptum-pagelinker__item\" href=\"https:\/\/event.checkin.no\/215057\/slik-bruker-du-stine-sofie-foreldrepakke-gratis-opplaering-for-helsepersonell\" target=\"_blank\">\n\t\t\t\t\t\t\t\t\t\t\t\t\t\t<div class=\"wp-block-aptum-pagelinker__content\">\n\t\t\t\t\t\t\t\t\t\t\t\t\t\t\t\t<div class=\"wp-block-aptum-pagelinker__text\">\n\t\t\t\t\t\t\t\t\t<h3 class=\"wp-block-aptum-pagelinker__title \">Digital oppl\u00e6ring &#8211; Mai<i class=\"wp-block-aptum-pagelinker__arrow\"><\/i><\/h3>\n\t\t\t\t\t\t\t\t\t\t\t\t\t\t\t\t\t\t\t<p class=\"wp-block-aptum-pagelinker__excerpt\">Meld deg p\u00e5 v\u00e5rt webinar 21. mai.\r\n12:00 &#8211; 13:00<\/p>\n\t\t\t\t\t\t\t\t\t\t\t\t\t\t\t\t\t<\/div>\n\t\t\t\t\t\t\t<\/div>\n\t\t\t\t\t\t<\/a>\n\t\t\t\t\t\t\t\t\t\t\t\t\t\t\t\t\t\t\t\t\t<a class=\"wp-block-aptum-pagelinker__item\" href=\"https:\/\/event.checkin.no\/215058\/slik-bruker-du-stine-sofie-foreldrepakke-gratis-opplaering-for-helsepersonell\" target=\"_blank\">\n\t\t\t\t\t\t\t\t\t\t\t\t\t\t<div class=\"wp-block-aptum-pagelinker__content\">\n\t\t\t\t\t\t\t\t\t\t\t\t\t\t\t\t<div class=\"wp-block-aptum-pagelinker__text\">\n\t\t\t\t\t\t\t\t\t<h3 class=\"wp-block-aptum-pagelinker__title \">Digital oppl\u00e6ring &#8211; Juni<i class=\"wp-block-aptum-pagelinker__arrow\"><\/i><\/h3>\n\t\t\t\t\t\t\t\t\t\t\t\t\t\t\t\t\t\t\t<p class=\"wp-block-aptum-pagelinker__excerpt\">Meld deg p\u00e5 v\u00e5rt webinar 16. juni.\r\n12:00 &#8211; 13:00<\/p>\n\t\t\t\t\t\t\t\t\t\t\t\t\t\t\t\t\t<\/div>\n\t\t\t\t\t\t\t<\/div>\n\t\t\t\t\t\t<\/a>\n\t\t\t\t\t\t\t\t\t\t\t\t\t\t\t\t\t\t\t\t\t<a class=\"wp-block-aptum-pagelinker__item\" href=\"https:\/\/event.checkin.no\/221896\/slik-bruker-du-stine-sofie-foreldrepakke-gratis-opplaering-for-helsepersonell\" target=\"_blank\">\n\t\t\t\t\t\t\t\t\t\t\t\t\t\t<div class=\"wp-block-aptum-pagelinker__content\">\n\t\t\t\t\t\t\t\t\t\t\t\t\t\t\t\t<div class=\"wp-block-aptum-pagelinker__text\">\n\t\t\t\t\t\t\t\t\t<h3 class=\"wp-block-aptum-pagelinker__title \">Digital oppl\u00e6ring &#8211; August<i class=\"wp-block-aptum-pagelinker__arrow\"><\/i><\/h3>\n\t\t\t\t\t\t\t\t\t\t\t\t\t\t\t\t\t\t\t<p class=\"wp-block-aptum-pagelinker__excerpt\">Meld deg p\u00e5 v\u00e5rt webinar 20. august.\r\n12:00 &#8211; 13:00<\/p>\n\t\t\t\t\t\t\t\t\t\t\t\t\t\t\t\t\t<\/div>\n\t\t\t\t\t\t\t<\/div>\n\t\t\t\t\t\t<\/a>\n\t\t\t\t\t\t\t\t\t\t\t\t\t\t\t\t\t\t\t\t\t<a class=\"wp-block-aptum-pagelinker__item\" href=\"https:\/\/event.checkin.no\/221898\/slik-bruker-du-stine-sofie-foreldrepakke-gratis-opplaering-for-helsepersonell\" target=\"_blank\">\n\t\t\t\t\t\t\t\t\t\t\t\t\t\t<div class=\"wp-block-aptum-pagelinker__content\">\n\t\t\t\t\t\t\t\t\t\t\t\t\t\t\t\t<div class=\"wp-block-aptum-pagelinker__text\">\n\t\t\t\t\t\t\t\t\t<h3 class=\"wp-block-aptum-pagelinker__title \">Digital oppl\u00e6ring &#8211; September<i class=\"wp-block-aptum-pagelinker__arrow\"><\/i><\/h3>\n\t\t\t\t\t\t\t\t\t\t\t\t\t\t\t\t\t\t\t<p class=\"wp-block-aptum-pagelinker__excerpt\">Meld deg p\u00e5 v\u00e5rt webinar 23. september.\r\n12:00 &#8211; 13:00<\/p>\n\t\t\t\t\t\t\t\t\t\t\t\t\t\t\t\t\t<\/div>\n\t\t\t\t\t\t\t<\/div>\n\t\t\t\t\t\t<\/a>\n\t\t\t\t\t\t\t\t\t\t\t\t\t\t\t\t\t\t\t\t\t<a class=\"wp-block-aptum-pagelinker__item\" href=\"https:\/\/event.checkin.no\/221899\/slik-bruker-du-stine-sofie-foreldrepakke-gratis-opplaering-for-helsepersonell\" target=\"_blank\">\n\t\t\t\t\t\t\t\t\t\t\t\t\t\t<div class=\"wp-block-aptum-pagelinker__content\">\n\t\t\t\t\t\t\t\t\t\t\t\t\t\t\t\t<div class=\"wp-block-aptum-pagelinker__text\">\n\t\t\t\t\t\t\t\t\t<h3 class=\"wp-block-aptum-pagelinker__title \">Digital oppl\u00e6ring &#8211; Oktober<i class=\"wp-block-aptum-pagelinker__arrow\"><\/i><\/h3>\n\t\t\t\t\t\t\t\t\t\t\t\t\t\t\t\t\t\t\t<p class=\"wp-block-aptum-pagelinker__excerpt\">Meld deg p\u00e5 v\u00e5rt webinar 20. oktober.\r\n12:00 &#8211; 13:00<\/p>\n\t\t\t\t\t\t\t\t\t\t\t\t\t\t\t\t\t<\/div>\n\t\t\t\t\t\t\t<\/div>\n\t\t\t\t\t\t<\/a>\n\t\t\t\t\t\t\t\t\t\t\t\t\t\t\t\t\t\t\t\t\t<a class=\"wp-block-aptum-pagelinker__item\" href=\"https:\/\/event.checkin.no\/221900\/slik-bruker-du-stine-sofie-foreldrepakke-gratis-opplaering-for-helsepersonell\" target=\"_blank\">\n\t\t\t\t\t\t\t\t\t\t\t\t\t\t<div class=\"wp-block-aptum-pagelinker__content\">\n\t\t\t\t\t\t\t\t\t\t\t\t\t\t\t\t<div class=\"wp-block-aptum-pagelinker__text\">\n\t\t\t\t\t\t\t\t\t<h3 class=\"wp-block-aptum-pagelinker__title \">Digital oppl\u00e6ring &#8211; November<i class=\"wp-block-aptum-pagelinker__arrow\"><\/i><\/h3>\n\t\t\t\t\t\t\t\t\t\t\t\t\t\t\t\t\t\t\t<p class=\"wp-block-aptum-pagelinker__excerpt\">Meld deg p\u00e5 v\u00e5rt webinar 20. november.\r\n12:00 &#8211; 13:00<\/p>\n\t\t\t\t\t\t\t\t\t\t\t\t\t\t\t\t\t<\/div>\n\t\t\t\t\t\t\t<\/div>\n\t\t\t\t\t\t<\/a>\n\t\t\t\t\t\t\t\t\t\t\t\t\t\t\t\t\t\t\t\t\t<a class=\"wp-block-aptum-pagelinker__item\" href=\"https:\/\/event.checkin.no\/221901\/slik-bruker-du-stine-sofie-foreldrepakke-gratis-opplaering-for-helsepersonell\" target=\"_blank\">\n\t\t\t\t\t\t\t\t\t\t\t\t\t\t<div class=\"wp-block-aptum-pagelinker__content\">\n\t\t\t\t\t\t\t\t\t\t\t\t\t\t\t\t<div class=\"wp-block-aptum-pagelinker__text\">\n\t\t\t\t\t\t\t\t\t<h3 class=\"wp-block-aptum-pagelinker__title \">Digital oppl\u00e6ring &#8211; Desember<i class=\"wp-block-aptum-pagelinker__arrow\"><\/i><\/h3>\n\t\t\t\t\t\t\t\t\t\t\t\t\t\t\t\t\t\t\t<p class=\"wp-block-aptum-pagelinker__excerpt\">Meld deg p\u00e5 v\u00e5rt webinar 14. desember.\r\n12:00 &#8211; 13:00<\/p>\n\t\t\t\t\t\t\t\t\t\t\t\t\t\t\t\t\t<\/div>\n\t\t\t\t\t\t\t<\/div>\n\t\t\t\t\t\t<\/a>\n\t\t\t\t\t\t\t\t\t\t\t<\/div>\n<\/div>\n\n<\/section>\n\n\n\n<p><strong>Dette gjennomg\u00e5r vi:<br><\/strong><br>Som deltaker f\u00e5r du en grundig innf\u00f8ring i hvordan du\/dere kan implementere <a href=\"https:\/\/www.stinesofiesstiftelse.no\/tjenester\/stine-sofie-foreldrepakke\/\">Stine Sofie Foreldrepakke<\/a> ved din helsestasjon eller sykehusavdeling. Det blir en praktisk oppl\u00e6ring hvor dialog og eksempler fra praksis vil f\u00e5 stor plass.<\/p>\n\n\n\n<p>I gjennomgangen l\u00e6rer du ogs\u00e5 hva som kjennetegner volden mot de minste barna og hvorfor det er s\u00e5 viktig \u00e5 jobbe voldsforebyggende allerede i svangerskapet, og tiden frem mot barnet er 2 \u00e5r.<\/p>\n\n\n\n<p><strong>Kom i gang i dag!<\/strong><br>Oppl\u00e6ringen passer for b\u00e5de dere som har brukt <a href=\"https:\/\/www.stinesofiesstiftelse.no\/tjenester\/stine-sofie-foreldrepakke\/\">Stine Sofie Foreldrepakke<\/a> en stund, og dere som er helt nye og \u00f8nsker \u00e5 komme igang.<\/p>\n\n\n\n<figure class=\"wp-block-image size-full\"><img loading=\"lazy\" decoding=\"async\" width=\"2545\" height=\"2560\" src=\"https:\/\/d1713zmupob0gt.cloudfront.net\/wp-content\/uploads\/2023\/10\/27155720\/Helsekontoret_DSCF1841-scaled.jpg\" alt=\"\" class=\"wp-image-4080\" srcset=\"https:\/\/d1713zmupob0gt.cloudfront.net\/wp-content\/uploads\/2023\/10\/27155720\/Helsekontoret_DSCF1841-scaled.jpg 2545w, https:\/\/d1713zmupob0gt.cloudfront.net\/wp-content\/uploads\/2023\/10\/27155720\/Helsekontoret_DSCF1841-298x300.jpg 298w, https:\/\/d1713zmupob0gt.cloudfront.net\/wp-content\/uploads\/2023\/10\/27155720\/Helsekontoret_DSCF1841-1018x1024.jpg 1018w, https:\/\/d1713zmupob0gt.cloudfront.net\/wp-content\/uploads\/2023\/10\/27155720\/Helsekontoret_DSCF1841-150x150.jpg 150w, https:\/\/d1713zmupob0gt.cloudfront.net\/wp-content\/uploads\/2023\/10\/27155720\/Helsekontoret_DSCF1841-768x773.jpg 768w, https:\/\/d1713zmupob0gt.cloudfront.net\/wp-content\/uploads\/2023\/10\/27155720\/Helsekontoret_DSCF1841-1527x1536.jpg 1527w, https:\/\/d1713zmupob0gt.cloudfront.net\/wp-content\/uploads\/2023\/10\/27155720\/Helsekontoret_DSCF1841-2036x2048.jpg 2036w\" sizes=\"auto, (max-width: 2545px) 100vw, 2545px\" \/><\/figure>\n\n\n\n<section class=\"alignwide is-style-article wp-block-aptum-list-posts\">\n\n<div class=\"wp-block-aptum-list-posts__container container container--offset  columns-3\">\n\t<h2 class=\"wp-block-aptum-list-posts__section-heading\">Les ogs\u00e5<\/h2>\t\t\t<ul class=\"wp-block-aptum-list-posts__grid\" style=\"grid-template-columns: repeat(3, minmax(0, 1fr));\">\n\t\t\t\t\t\t\t<li id=\"post-14740\" class=\"wp-block-aptum-list-posts__item post-14740 post type-post status-publish format-standard has-post-thumbnail hentry category-juridisk category-stine-sofie-foreldrepakke tag-ada-sofie-austegard tag-alvorlig-vold tag-barnas-havarikommisjon tag-barns-rettigheter tag-bistandsadvokat tag-dodsstedsundersokelse tag-helsestasjoner tag-kripos tag-politikk tag-stine-sofie-foreldrepakke tag-stine-sofies-stiftelse tag-vold-og-overgrep\">\n\t\t\t\t\t\t\t\t\t<p class=\"wp-block-aptum-list-posts__lang-notice has-small-font-size\"><svg class=\"wp-block-aptum-list-posts__lang-notice-icon\" width=\"14\" height=\"14\" viewBox=\"0 0 24 24\" fill=\"none\" xmlns=\"http:\/\/www.w3.org\/2000\/svg\" aria-hidden=\"true\"><circle cx=\"12\" cy=\"12\" r=\"9.5\" stroke=\"currentColor\" stroke-width=\"1.5\"\/><ellipse cx=\"12\" cy=\"12\" rx=\"4\" ry=\"9.5\" stroke=\"currentColor\" stroke-width=\"1.5\"\/><path d=\"M3 12h18\" stroke=\"currentColor\" stroke-width=\"1.5\"\/><path d=\"M4.5 7h15\" stroke=\"currentColor\" stroke-width=\"1.5\"\/><path d=\"M4.5 17h15\" stroke=\"currentColor\" stroke-width=\"1.5\"\/><\/svg>Daate s\u00e6jroe ij leah \u00e5arjelsaemien g\u00efelesne.<\/p>\n\t\t\t\t\t\t\t\t\t\t\t\t\t<div class=\"wp-block-aptum-list-posts__article\">\n\t\t\t\t\t\t<a href=\"https:\/\/www.stinesofiesstiftelse.no\/sma\/de-minste-barna-er-i-praksis-rettslose\/\" class=\"wp-block-aptum-list-posts__thumbnail\" tabindex=\"-1\">\n\t\t\t\t\t\t\t<img decoding=\"async\" width=\"2560\" height=\"1707\" src=\"https:\/\/d1713zmupob0gt.cloudfront.net\/wp-content\/uploads\/2026\/04\/23175553\/Ada-Line-BHK-2026-1-1_kun-Ada-scaled.jpg\" class=\"wp-block-aptum-list-posts__image wp-post-image\" alt=\"\" loading=\"lazy\" srcset=\"https:\/\/d1713zmupob0gt.cloudfront.net\/wp-content\/uploads\/2026\/04\/23175553\/Ada-Line-BHK-2026-1-1_kun-Ada-scaled.jpg 2560w, https:\/\/d1713zmupob0gt.cloudfront.net\/wp-content\/uploads\/2026\/04\/23175553\/Ada-Line-BHK-2026-1-1_kun-Ada-300x200.jpg 300w, https:\/\/d1713zmupob0gt.cloudfront.net\/wp-content\/uploads\/2026\/04\/23175553\/Ada-Line-BHK-2026-1-1_kun-Ada-1024x683.jpg 1024w, https:\/\/d1713zmupob0gt.cloudfront.net\/wp-content\/uploads\/2026\/04\/23175553\/Ada-Line-BHK-2026-1-1_kun-Ada-768x512.jpg 768w, https:\/\/d1713zmupob0gt.cloudfront.net\/wp-content\/uploads\/2026\/04\/23175553\/Ada-Line-BHK-2026-1-1_kun-Ada-1536x1024.jpg 1536w, https:\/\/d1713zmupob0gt.cloudfront.net\/wp-content\/uploads\/2026\/04\/23175553\/Ada-Line-BHK-2026-1-1_kun-Ada-2048x1365.jpg 2048w\" sizes=\"auto, (max-width: 2560px) 100vw, 2560px\" \/>\t\t\t\t\t\t<\/a>\n\t\t\t\t\t\t<div class=\"wp-block-aptum-list-posts__article-content\">\n\t\t\t\t\t\t\t<div class=\"wp-block-aptum-list-posts__meta\">\n\t\t\t\t\t\t\t\t<div class=\"wp-block-aptum-list-posts__meta-date has-small-font-size\">\n\t\t\t\t\t\t\t\t\t23.04.26\t\t\t\t\t\t\t\t<\/div>\n\t\t\t\t\t\t\t<div class=\"wp-block-aptum-list-posts__meta-categories\" lang=\"nb\">\n\t\t\t\t\t\t\t\t\t<a href=\"https:\/\/www.stinesofiesstiftelse.no\/kategori\/juridisk\/\">Juridisk<\/a>, <a href=\"https:\/\/www.stinesofiesstiftelse.no\/kategori\/stine-sofie-foreldrepakke\/\">Stine Sofie Foreldrepakke<\/a>\t\t\t\t\t\t\t\t<\/div>\n\t\t\t\t\t\t\t<\/div>\n\t\t\t\t\t\t\t<h3 class=\"wp-block-aptum-list-posts__title\" lang=\"nb\">\n\t\t\t\t\t\t\t\t<a href=\"https:\/\/www.stinesofiesstiftelse.no\/sma\/de-minste-barna-er-i-praksis-rettslose\/\" tabindex=\"-1\">\u2014 De minste barna er i praksis rettsl\u00f8se<\/a>\n\t\t\t\t\t\t\t<\/h3>\n\t\t\t\t\t\t\t\t\t\t\t\t\t\t\t<p class=\"wp-block-aptum-list-posts__excerpt\" lang=\"nb\">En ny rapport fra Kripos sl\u00e5r fast at vold mot sm\u00e5 barn er s\u00e6rlig vanskelig \u00e5 forebygge, avdekke og etterforske.&hellip;<\/p>\n\t\t\t\t\t\t\t\t<a href=\"https:\/\/www.stinesofiesstiftelse.no\/sma\/de-minste-barna-er-i-praksis-rettslose\/\" class=\"wp-block-aptum-list-posts__more\">\n\t\t\t\t\t\t\t\t\tRead more\t\t\t\t\t\t\t\t\t<span class=\"screen-reader-text\">about \u2014 De minste barna er i praksis rettsl\u00f8se<\/span>\n\t\t\t\t\t\t\t\t<\/a>\n\t\t\t\t\t\t\t\t\t\t\t\t\t<\/div>\n\t\t\t\t\t<\/div>\n\t\t\t\t\t\t\t\t<\/li>\n\t\t\t\t\t\t\t<li id=\"post-11651\" class=\"wp-block-aptum-list-posts__item post-11651 post type-post status-publish format-standard has-post-thumbnail hentry category-stine-sofie-foreldrepakke\">\n\t\t\t\t\t\t\t\t\t<p class=\"wp-block-aptum-list-posts__lang-notice has-small-font-size\"><svg class=\"wp-block-aptum-list-posts__lang-notice-icon\" width=\"14\" height=\"14\" viewBox=\"0 0 24 24\" fill=\"none\" xmlns=\"http:\/\/www.w3.org\/2000\/svg\" aria-hidden=\"true\"><circle cx=\"12\" cy=\"12\" r=\"9.5\" stroke=\"currentColor\" stroke-width=\"1.5\"\/><ellipse cx=\"12\" cy=\"12\" rx=\"4\" ry=\"9.5\" stroke=\"currentColor\" stroke-width=\"1.5\"\/><path d=\"M3 12h18\" stroke=\"currentColor\" stroke-width=\"1.5\"\/><path d=\"M4.5 7h15\" stroke=\"currentColor\" stroke-width=\"1.5\"\/><path d=\"M4.5 17h15\" stroke=\"currentColor\" stroke-width=\"1.5\"\/><\/svg>Daate s\u00e6jroe ij leah \u00e5arjelsaemien g\u00efelesne.<\/p>\n\t\t\t\t\t\t\t\t\t\t\t\t\t<div class=\"wp-block-aptum-list-posts__article\">\n\t\t\t\t\t\t<a href=\"https:\/\/www.stinesofiesstiftelse.no\/sma\/stine-sofie-foreldrepakke-nytt-verktoy-for-a-male-foreldremestring\/\" class=\"wp-block-aptum-list-posts__thumbnail\" tabindex=\"-1\">\n\t\t\t\t\t\t\t<img decoding=\"async\" width=\"949\" height=\"568\" src=\"https:\/\/d1713zmupob0gt.cloudfront.net\/wp-content\/uploads\/2023\/11\/29154542\/stine_sofie_stiftelse_foreldrepakke.jpg\" class=\"wp-block-aptum-list-posts__image wp-post-image\" alt=\"\" loading=\"lazy\" srcset=\"https:\/\/d1713zmupob0gt.cloudfront.net\/wp-content\/uploads\/2023\/11\/29154542\/stine_sofie_stiftelse_foreldrepakke.jpg 949w, https:\/\/d1713zmupob0gt.cloudfront.net\/wp-content\/uploads\/2023\/11\/29154542\/stine_sofie_stiftelse_foreldrepakke-300x180.jpg 300w, https:\/\/d1713zmupob0gt.cloudfront.net\/wp-content\/uploads\/2023\/11\/29154542\/stine_sofie_stiftelse_foreldrepakke-768x460.jpg 768w\" sizes=\"auto, (max-width: 949px) 100vw, 949px\" \/>\t\t\t\t\t\t<\/a>\n\t\t\t\t\t\t<div class=\"wp-block-aptum-list-posts__article-content\">\n\t\t\t\t\t\t\t<div class=\"wp-block-aptum-list-posts__meta\">\n\t\t\t\t\t\t\t\t<div class=\"wp-block-aptum-list-posts__meta-date has-small-font-size\">\n\t\t\t\t\t\t\t\t\t05.09.25\t\t\t\t\t\t\t\t<\/div>\n\t\t\t\t\t\t\t<div class=\"wp-block-aptum-list-posts__meta-categories\" lang=\"no\">\n\t\t\t\t\t\t\t\t\t<a href=\"https:\/\/www.stinesofiesstiftelse.no\/kategori\/stine-sofie-foreldrepakke\/\">Stine Sofie Foreldrepakke<\/a>\t\t\t\t\t\t\t\t<\/div>\n\t\t\t\t\t\t\t<\/div>\n\t\t\t\t\t\t\t<h3 class=\"wp-block-aptum-list-posts__title\" lang=\"no\">\n\t\t\t\t\t\t\t\t<a href=\"https:\/\/www.stinesofiesstiftelse.no\/sma\/stine-sofie-foreldrepakke-nytt-verktoy-for-a-male-foreldremestring\/\" tabindex=\"-1\">Skal forske p\u00e5 effekten av Stine Sofie Foreldrepakke<\/a>\n\t\t\t\t\t\t\t<\/h3>\n\t\t\t\t\t\t\t\t\t\t\t\t\t\t\t<p class=\"wp-block-aptum-list-posts__excerpt\" lang=\"no\">Et engelsk verkt\u00f8y som m\u00e5ler mestring av foreldrerollen er n\u00e5 oversatt til norsk.\u00a0Verkt\u00f8yet vil v\u00e6re en viktig brikke for \u00e5&hellip;<\/p>\n\t\t\t\t\t\t\t\t<a href=\"https:\/\/www.stinesofiesstiftelse.no\/sma\/stine-sofie-foreldrepakke-nytt-verktoy-for-a-male-foreldremestring\/\" class=\"wp-block-aptum-list-posts__more\">\n\t\t\t\t\t\t\t\t\tRead more\t\t\t\t\t\t\t\t\t<span class=\"screen-reader-text\">about Skal forske p\u00e5 effekten av Stine Sofie Foreldrepakke<\/span>\n\t\t\t\t\t\t\t\t<\/a>\n\t\t\t\t\t\t\t\t\t\t\t\t\t<\/div>\n\t\t\t\t\t<\/div>\n\t\t\t\t\t\t\t\t<\/li>\n\t\t\t\t\t\t\t<li id=\"post-11142\" class=\"wp-block-aptum-list-posts__item post-11142 post type-post status-publish format-standard has-post-thumbnail hentry category-stine-sofie-foreldrepakke tag-10-smarte-tips tag-helsestasjon tag-stine-sofie-foreldrepakke tag-sykehus tag-vold-og-overgrep\">\n\t\t\t\t\t\t\t\t\t<p class=\"wp-block-aptum-list-posts__lang-notice has-small-font-size\"><svg class=\"wp-block-aptum-list-posts__lang-notice-icon\" width=\"14\" height=\"14\" viewBox=\"0 0 24 24\" fill=\"none\" xmlns=\"http:\/\/www.w3.org\/2000\/svg\" aria-hidden=\"true\"><circle cx=\"12\" cy=\"12\" r=\"9.5\" stroke=\"currentColor\" stroke-width=\"1.5\"\/><ellipse cx=\"12\" cy=\"12\" rx=\"4\" ry=\"9.5\" stroke=\"currentColor\" stroke-width=\"1.5\"\/><path d=\"M3 12h18\" stroke=\"currentColor\" stroke-width=\"1.5\"\/><path d=\"M4.5 7h15\" stroke=\"currentColor\" stroke-width=\"1.5\"\/><path d=\"M4.5 17h15\" stroke=\"currentColor\" stroke-width=\"1.5\"\/><\/svg>Daate s\u00e6jroe ij leah \u00e5arjelsaemien g\u00efelesne.<\/p>\n\t\t\t\t\t\t\t\t\t\t\t\t\t<div class=\"wp-block-aptum-list-posts__article\">\n\t\t\t\t\t\t<a href=\"https:\/\/www.stinesofiesstiftelse.no\/sma\/nasjonal-konferanse-med-stine-sofie-foreldrepakke\/\" class=\"wp-block-aptum-list-posts__thumbnail\" tabindex=\"-1\">\n\t\t\t\t\t\t\t<img decoding=\"async\" width=\"2048\" height=\"1365\" src=\"https:\/\/d1713zmupob0gt.cloudfront.net\/wp-content\/uploads\/2025\/06\/10102209\/Bilde.jpeg\" class=\"wp-block-aptum-list-posts__image wp-post-image\" alt=\"Stine Sofie Foreldrepakkes nasjonale erfaringskonferanse 2025_Christine \u00d8ygarden og Else S\u00f8nderland\" loading=\"lazy\" srcset=\"https:\/\/d1713zmupob0gt.cloudfront.net\/wp-content\/uploads\/2025\/06\/10102209\/Bilde.jpeg 2048w, https:\/\/d1713zmupob0gt.cloudfront.net\/wp-content\/uploads\/2025\/06\/10102209\/Bilde-300x200.jpeg 300w, https:\/\/d1713zmupob0gt.cloudfront.net\/wp-content\/uploads\/2025\/06\/10102209\/Bilde-1024x683.jpeg 1024w, https:\/\/d1713zmupob0gt.cloudfront.net\/wp-content\/uploads\/2025\/06\/10102209\/Bilde-768x512.jpeg 768w, https:\/\/d1713zmupob0gt.cloudfront.net\/wp-content\/uploads\/2025\/06\/10102209\/Bilde-1536x1024.jpeg 1536w\" sizes=\"auto, (max-width: 2048px) 100vw, 2048px\" \/>\t\t\t\t\t\t<\/a>\n\t\t\t\t\t\t<div class=\"wp-block-aptum-list-posts__article-content\">\n\t\t\t\t\t\t\t<div class=\"wp-block-aptum-list-posts__meta\">\n\t\t\t\t\t\t\t\t<div class=\"wp-block-aptum-list-posts__meta-date has-small-font-size\">\n\t\t\t\t\t\t\t\t\t11.06.25\t\t\t\t\t\t\t\t<\/div>\n\t\t\t\t\t\t\t<div class=\"wp-block-aptum-list-posts__meta-categories\" lang=\"no\">\n\t\t\t\t\t\t\t\t\t<a href=\"https:\/\/www.stinesofiesstiftelse.no\/kategori\/stine-sofie-foreldrepakke\/\">Stine Sofie Foreldrepakke<\/a>\t\t\t\t\t\t\t\t<\/div>\n\t\t\t\t\t\t\t<\/div>\n\t\t\t\t\t\t\t<h3 class=\"wp-block-aptum-list-posts__title\" lang=\"no\">\n\t\t\t\t\t\t\t\t<a href=\"https:\/\/www.stinesofiesstiftelse.no\/sma\/nasjonal-konferanse-med-stine-sofie-foreldrepakke\/\" tabindex=\"-1\">Nasjonal konferanse med Stine Sofie Foreldrepakke<\/a>\n\t\t\t\t\t\t\t<\/h3>\n\t\t\t\t\t\t\t\t\t\t\t\t\t\t\t<p class=\"wp-block-aptum-list-posts__excerpt\" lang=\"no\">For tredje \u00e5ret p\u00e5 rad inviterte vi til Stine Sofie Foreldrepakkes nasjonale erfaringskonferanse. P\u00e5 konferansen, som ble gjennomf\u00f8rt med st\u00f8tte&hellip;<\/p>\n\t\t\t\t\t\t\t\t<a href=\"https:\/\/www.stinesofiesstiftelse.no\/sma\/nasjonal-konferanse-med-stine-sofie-foreldrepakke\/\" class=\"wp-block-aptum-list-posts__more\">\n\t\t\t\t\t\t\t\t\tRead more\t\t\t\t\t\t\t\t\t<span class=\"screen-reader-text\">about Nasjonal konferanse med Stine Sofie Foreldrepakke<\/span>\n\t\t\t\t\t\t\t\t<\/a>\n\t\t\t\t\t\t\t\t\t\t\t\t\t<\/div>\n\t\t\t\t\t<\/div>\n\t\t\t\t\t\t\t\t<\/li>\n\t\t\t\t\t\t\t\t<\/ul>\n\t<\/div>\n\n<\/section>\n\n\n\n<section class=\"align wp-block-aptum-pagelinker\" id=\"block_7fb013824a829654cf1306ae65be36d5\">\n\n<div class=\"wp-block-aptum-pagelinker__inner columns-2\">\n\t\t<div class=\"wp-block-aptum-pagelinker__grid\">\n\n\t\t\t\t<\/div>\n<\/div>\n\n<\/section>\n","protected":false},"excerpt":{"rendered":"<p>N\u00e5 kan du som jobber med de aller minste barna f\u00e5 gratis digital oppl\u00e6ring.&nbsp;Meld p\u00e5 deg og dine kollegaer i [&hellip;]<\/p>\n","protected":false},"author":2,"featured_media":3071,"parent":4527,"menu_order":0,"comment_status":"closed","ping_status":"closed","template":"","meta":{"_acf_changed":false,"inline_featured_image":false,"footnotes":""},"class_list":["post-4873","page","type-page","status-publish","has-post-thumbnail","hentry"],"acf":[],"mb":[],"yoast_head":"<!-- This site is optimized with the Yoast SEO plugin v27.3 - https:\/\/yoast.com\/product\/yoast-seo-wordpress\/ -->\n<title>Webinar: Oppl\u00e6ring i Stine Sofie Foreldrepakke - Stine Sofies Stiftelse<\/title>\n<meta name=\"robots\" content=\"index, follow, max-snippet:-1, max-image-preview:large, max-video-preview:-1\" \/>\n<link rel=\"canonical\" href=\"https:\/\/www.stinesofiesstiftelse.no\/vart-arbeid\/stine-sofie-foreldrepakke\/for-dere-som-har-stine-sofie-foreldrepakke\/webinar-bli-med-pa-digital-opplaering-i-stine-sofie-foreldrepakke\/\" \/>\n<meta property=\"og:locale\" content=\"en_US\" \/>\n<meta property=\"og:type\" content=\"article\" \/>\n<meta property=\"og:title\" content=\"Webinar: Oppl\u00e6ring i Stine Sofie Foreldrepakke - Stine Sofies Stiftelse\" \/>\n<meta property=\"og:description\" content=\"N\u00e5 kan du som jobber med de aller minste barna f\u00e5 gratis digital oppl\u00e6ring.&nbsp;Meld p\u00e5 deg og dine kollegaer i [&hellip;]\" \/>\n<meta property=\"og:url\" content=\"https:\/\/www.stinesofiesstiftelse.no\/vart-arbeid\/stine-sofie-foreldrepakke\/for-dere-som-har-stine-sofie-foreldrepakke\/webinar-bli-med-pa-digital-opplaering-i-stine-sofie-foreldrepakke\/\" \/>\n<meta property=\"og:site_name\" content=\"Stine Sofies Stiftelse\" \/>\n<meta property=\"article:publisher\" content=\"https:\/\/www.facebook.com\/StineSofiesStiftelse\/\" \/>\n<meta property=\"article:modified_time\" content=\"2026-04-09T13:59:39+00:00\" \/>\n<meta property=\"og:image\" content=\"https:\/\/d1713zmupob0gt.cloudfront.net\/wp-content\/uploads\/2023\/09\/07110848\/FP_helsestasjon.png\" \/>\n\t<meta property=\"og:image:width\" content=\"5133\" \/>\n\t<meta property=\"og:image:height\" content=\"3816\" \/>\n\t<meta property=\"og:image:type\" content=\"image\/png\" \/>\n<meta name=\"twitter:card\" content=\"summary_large_image\" \/>\n<meta name=\"twitter:label1\" content=\"Est. reading time\" \/>\n\t<meta name=\"twitter:data1\" content=\"2 minutes\" \/>\n<script type=\"application\/ld+json\" class=\"yoast-schema-graph\">{\"@context\":\"https:\\\/\\\/schema.org\",\"@graph\":[{\"@type\":\"WebPage\",\"@id\":\"https:\\\/\\\/www.stinesofiesstiftelse.no\\\/vart-arbeid\\\/stine-sofie-foreldrepakke\\\/for-dere-som-har-stine-sofie-foreldrepakke\\\/webinar-bli-med-pa-digital-opplaering-i-stine-sofie-foreldrepakke\\\/\",\"url\":\"https:\\\/\\\/www.stinesofiesstiftelse.no\\\/vart-arbeid\\\/stine-sofie-foreldrepakke\\\/for-dere-som-har-stine-sofie-foreldrepakke\\\/webinar-bli-med-pa-digital-opplaering-i-stine-sofie-foreldrepakke\\\/\",\"name\":\"Webinar: Oppl\u00e6ring i Stine Sofie Foreldrepakke - Stine Sofies Stiftelse\",\"isPartOf\":{\"@id\":\"https:\\\/\\\/www.stinesofiesstiftelse.no\\\/#website\"},\"primaryImageOfPage\":{\"@id\":\"https:\\\/\\\/www.stinesofiesstiftelse.no\\\/vart-arbeid\\\/stine-sofie-foreldrepakke\\\/for-dere-som-har-stine-sofie-foreldrepakke\\\/webinar-bli-med-pa-digital-opplaering-i-stine-sofie-foreldrepakke\\\/#primaryimage\"},\"image\":{\"@id\":\"https:\\\/\\\/www.stinesofiesstiftelse.no\\\/vart-arbeid\\\/stine-sofie-foreldrepakke\\\/for-dere-som-har-stine-sofie-foreldrepakke\\\/webinar-bli-med-pa-digital-opplaering-i-stine-sofie-foreldrepakke\\\/#primaryimage\"},\"thumbnailUrl\":\"https:\\\/\\\/d1713zmupob0gt.cloudfront.net\\\/wp-content\\\/uploads\\\/2023\\\/09\\\/07110848\\\/FP_helsestasjon.png\",\"datePublished\":\"2023-12-11T08:49:31+00:00\",\"dateModified\":\"2026-04-09T13:59:39+00:00\",\"breadcrumb\":{\"@id\":\"https:\\\/\\\/www.stinesofiesstiftelse.no\\\/vart-arbeid\\\/stine-sofie-foreldrepakke\\\/for-dere-som-har-stine-sofie-foreldrepakke\\\/webinar-bli-med-pa-digital-opplaering-i-stine-sofie-foreldrepakke\\\/#breadcrumb\"},\"inLanguage\":\"sma-NO\",\"potentialAction\":[{\"@type\":\"ReadAction\",\"target\":[\"https:\\\/\\\/www.stinesofiesstiftelse.no\\\/vart-arbeid\\\/stine-sofie-foreldrepakke\\\/for-dere-som-har-stine-sofie-foreldrepakke\\\/webinar-bli-med-pa-digital-opplaering-i-stine-sofie-foreldrepakke\\\/\"]}]},{\"@type\":\"ImageObject\",\"inLanguage\":\"sma-NO\",\"@id\":\"https:\\\/\\\/www.stinesofiesstiftelse.no\\\/vart-arbeid\\\/stine-sofie-foreldrepakke\\\/for-dere-som-har-stine-sofie-foreldrepakke\\\/webinar-bli-med-pa-digital-opplaering-i-stine-sofie-foreldrepakke\\\/#primaryimage\",\"url\":\"https:\\\/\\\/d1713zmupob0gt.cloudfront.net\\\/wp-content\\\/uploads\\\/2023\\\/09\\\/07110848\\\/FP_helsestasjon.png\",\"contentUrl\":\"https:\\\/\\\/d1713zmupob0gt.cloudfront.net\\\/wp-content\\\/uploads\\\/2023\\\/09\\\/07110848\\\/FP_helsestasjon.png\",\"width\":5133,\"height\":3816},{\"@type\":\"BreadcrumbList\",\"@id\":\"https:\\\/\\\/www.stinesofiesstiftelse.no\\\/vart-arbeid\\\/stine-sofie-foreldrepakke\\\/for-dere-som-har-stine-sofie-foreldrepakke\\\/webinar-bli-med-pa-digital-opplaering-i-stine-sofie-foreldrepakke\\\/#breadcrumb\",\"itemListElement\":[{\"@type\":\"ListItem\",\"position\":1,\"name\":\"Hjem\",\"item\":\"https:\\\/\\\/www.stinesofiesstiftelse.no\\\/\"},{\"@type\":\"ListItem\",\"position\":2,\"name\":\"V\u00e5rt arbeid\",\"item\":\"https:\\\/\\\/www.stinesofiesstiftelse.no\\\/vart-arbeid\\\/\"},{\"@type\":\"ListItem\",\"position\":3,\"name\":\"Stine Sofie Foreldrepakke\",\"item\":\"https:\\\/\\\/www.stinesofiesstiftelse.no\\\/vart-arbeid\\\/stine-sofie-foreldrepakke\\\/\"},{\"@type\":\"ListItem\",\"position\":4,\"name\":\"For dere som har Stine Sofie Foreldrepakke\",\"item\":\"https:\\\/\\\/www.stinesofiesstiftelse.no\\\/vart-arbeid\\\/stine-sofie-foreldrepakke\\\/for-dere-som-har-stine-sofie-foreldrepakke\\\/\"},{\"@type\":\"ListItem\",\"position\":5,\"name\":\"Webinar: Oppl\u00e6ring i Stine Sofie Foreldrepakke\"}]},{\"@type\":\"WebSite\",\"@id\":\"https:\\\/\\\/www.stinesofiesstiftelse.no\\\/#website\",\"url\":\"https:\\\/\\\/www.stinesofiesstiftelse.no\\\/\",\"name\":\"Stine Sofies Stiftelse\",\"description\":\"\",\"publisher\":{\"@id\":\"https:\\\/\\\/www.stinesofiesstiftelse.no\\\/#organization\"},\"potentialAction\":[{\"@type\":\"SearchAction\",\"target\":{\"@type\":\"EntryPoint\",\"urlTemplate\":\"https:\\\/\\\/www.stinesofiesstiftelse.no\\\/?s={search_term_string}\"},\"query-input\":{\"@type\":\"PropertyValueSpecification\",\"valueRequired\":true,\"valueName\":\"search_term_string\"}}],\"inLanguage\":\"sma-NO\"},{\"@type\":\"Organization\",\"@id\":\"https:\\\/\\\/www.stinesofiesstiftelse.no\\\/#organization\",\"name\":\"Stine Sofies Stiftelse\",\"url\":\"https:\\\/\\\/www.stinesofiesstiftelse.no\\\/\",\"logo\":{\"@type\":\"ImageObject\",\"inLanguage\":\"sma-NO\",\"@id\":\"https:\\\/\\\/www.stinesofiesstiftelse.no\\\/#\\\/schema\\\/logo\\\/image\\\/\",\"url\":\"https:\\\/\\\/d1713zmupob0gt.cloudfront.net\\\/wp-content\\\/uploads\\\/2024\\\/10\\\/19093628\\\/cropped-Stine_sofies_stiftelse_logosymbol.png\",\"contentUrl\":\"https:\\\/\\\/d1713zmupob0gt.cloudfront.net\\\/wp-content\\\/uploads\\\/2024\\\/10\\\/19093628\\\/cropped-Stine_sofies_stiftelse_logosymbol.png\",\"width\":512,\"height\":512,\"caption\":\"Stine Sofies Stiftelse\"},\"image\":{\"@id\":\"https:\\\/\\\/www.stinesofiesstiftelse.no\\\/#\\\/schema\\\/logo\\\/image\\\/\"},\"sameAs\":[\"https:\\\/\\\/www.facebook.com\\\/StineSofiesStiftelse\\\/\"]}]}<\/script>\n<!-- \/ Yoast SEO plugin. -->","yoast_head_json":{"title":"Webinar: Oppl\u00e6ring i Stine Sofie Foreldrepakke - Stine Sofies Stiftelse","robots":{"index":"index","follow":"follow","max-snippet":"max-snippet:-1","max-image-preview":"max-image-preview:large","max-video-preview":"max-video-preview:-1"},"canonical":"https:\/\/www.stinesofiesstiftelse.no\/vart-arbeid\/stine-sofie-foreldrepakke\/for-dere-som-har-stine-sofie-foreldrepakke\/webinar-bli-med-pa-digital-opplaering-i-stine-sofie-foreldrepakke\/","og_locale":"en_US","og_type":"article","og_title":"Webinar: Oppl\u00e6ring i Stine Sofie Foreldrepakke - Stine Sofies Stiftelse","og_description":"N\u00e5 kan du som jobber med de aller minste barna f\u00e5 gratis digital oppl\u00e6ring.&nbsp;Meld p\u00e5 deg og dine kollegaer i [&hellip;]","og_url":"https:\/\/www.stinesofiesstiftelse.no\/vart-arbeid\/stine-sofie-foreldrepakke\/for-dere-som-har-stine-sofie-foreldrepakke\/webinar-bli-med-pa-digital-opplaering-i-stine-sofie-foreldrepakke\/","og_site_name":"Stine Sofies Stiftelse","article_publisher":"https:\/\/www.facebook.com\/StineSofiesStiftelse\/","article_modified_time":"2026-04-09T13:59:39+00:00","og_image":[{"width":5133,"height":3816,"url":"https:\/\/d1713zmupob0gt.cloudfront.net\/wp-content\/uploads\/2023\/09\/07110848\/FP_helsestasjon.png","type":"image\/png"}],"twitter_card":"summary_large_image","twitter_misc":{"Est. reading time":"2 minutes"},"schema":{"@context":"https:\/\/schema.org","@graph":[{"@type":"WebPage","@id":"https:\/\/www.stinesofiesstiftelse.no\/vart-arbeid\/stine-sofie-foreldrepakke\/for-dere-som-har-stine-sofie-foreldrepakke\/webinar-bli-med-pa-digital-opplaering-i-stine-sofie-foreldrepakke\/","url":"https:\/\/www.stinesofiesstiftelse.no\/vart-arbeid\/stine-sofie-foreldrepakke\/for-dere-som-har-stine-sofie-foreldrepakke\/webinar-bli-med-pa-digital-opplaering-i-stine-sofie-foreldrepakke\/","name":"Webinar: Oppl\u00e6ring i Stine Sofie Foreldrepakke - Stine Sofies Stiftelse","isPartOf":{"@id":"https:\/\/www.stinesofiesstiftelse.no\/#website"},"primaryImageOfPage":{"@id":"https:\/\/www.stinesofiesstiftelse.no\/vart-arbeid\/stine-sofie-foreldrepakke\/for-dere-som-har-stine-sofie-foreldrepakke\/webinar-bli-med-pa-digital-opplaering-i-stine-sofie-foreldrepakke\/#primaryimage"},"image":{"@id":"https:\/\/www.stinesofiesstiftelse.no\/vart-arbeid\/stine-sofie-foreldrepakke\/for-dere-som-har-stine-sofie-foreldrepakke\/webinar-bli-med-pa-digital-opplaering-i-stine-sofie-foreldrepakke\/#primaryimage"},"thumbnailUrl":"https:\/\/d1713zmupob0gt.cloudfront.net\/wp-content\/uploads\/2023\/09\/07110848\/FP_helsestasjon.png","datePublished":"2023-12-11T08:49:31+00:00","dateModified":"2026-04-09T13:59:39+00:00","breadcrumb":{"@id":"https:\/\/www.stinesofiesstiftelse.no\/vart-arbeid\/stine-sofie-foreldrepakke\/for-dere-som-har-stine-sofie-foreldrepakke\/webinar-bli-med-pa-digital-opplaering-i-stine-sofie-foreldrepakke\/#breadcrumb"},"inLanguage":"sma-NO","potentialAction":[{"@type":"ReadAction","target":["https:\/\/www.stinesofiesstiftelse.no\/vart-arbeid\/stine-sofie-foreldrepakke\/for-dere-som-har-stine-sofie-foreldrepakke\/webinar-bli-med-pa-digital-opplaering-i-stine-sofie-foreldrepakke\/"]}]},{"@type":"ImageObject","inLanguage":"sma-NO","@id":"https:\/\/www.stinesofiesstiftelse.no\/vart-arbeid\/stine-sofie-foreldrepakke\/for-dere-som-har-stine-sofie-foreldrepakke\/webinar-bli-med-pa-digital-opplaering-i-stine-sofie-foreldrepakke\/#primaryimage","url":"https:\/\/d1713zmupob0gt.cloudfront.net\/wp-content\/uploads\/2023\/09\/07110848\/FP_helsestasjon.png","contentUrl":"https:\/\/d1713zmupob0gt.cloudfront.net\/wp-content\/uploads\/2023\/09\/07110848\/FP_helsestasjon.png","width":5133,"height":3816},{"@type":"BreadcrumbList","@id":"https:\/\/www.stinesofiesstiftelse.no\/vart-arbeid\/stine-sofie-foreldrepakke\/for-dere-som-har-stine-sofie-foreldrepakke\/webinar-bli-med-pa-digital-opplaering-i-stine-sofie-foreldrepakke\/#breadcrumb","itemListElement":[{"@type":"ListItem","position":1,"name":"Hjem","item":"https:\/\/www.stinesofiesstiftelse.no\/"},{"@type":"ListItem","position":2,"name":"V\u00e5rt arbeid","item":"https:\/\/www.stinesofiesstiftelse.no\/vart-arbeid\/"},{"@type":"ListItem","position":3,"name":"Stine Sofie Foreldrepakke","item":"https:\/\/www.stinesofiesstiftelse.no\/vart-arbeid\/stine-sofie-foreldrepakke\/"},{"@type":"ListItem","position":4,"name":"For dere som har Stine Sofie Foreldrepakke","item":"https:\/\/www.stinesofiesstiftelse.no\/vart-arbeid\/stine-sofie-foreldrepakke\/for-dere-som-har-stine-sofie-foreldrepakke\/"},{"@type":"ListItem","position":5,"name":"Webinar: Oppl\u00e6ring i Stine Sofie Foreldrepakke"}]},{"@type":"WebSite","@id":"https:\/\/www.stinesofiesstiftelse.no\/#website","url":"https:\/\/www.stinesofiesstiftelse.no\/","name":"Stine Sofies Stiftelse","description":"","publisher":{"@id":"https:\/\/www.stinesofiesstiftelse.no\/#organization"},"potentialAction":[{"@type":"SearchAction","target":{"@type":"EntryPoint","urlTemplate":"https:\/\/www.stinesofiesstiftelse.no\/?s={search_term_string}"},"query-input":{"@type":"PropertyValueSpecification","valueRequired":true,"valueName":"search_term_string"}}],"inLanguage":"sma-NO"},{"@type":"Organization","@id":"https:\/\/www.stinesofiesstiftelse.no\/#organization","name":"Stine Sofies Stiftelse","url":"https:\/\/www.stinesofiesstiftelse.no\/","logo":{"@type":"ImageObject","inLanguage":"sma-NO","@id":"https:\/\/www.stinesofiesstiftelse.no\/#\/schema\/logo\/image\/","url":"https:\/\/d1713zmupob0gt.cloudfront.net\/wp-content\/uploads\/2024\/10\/19093628\/cropped-Stine_sofies_stiftelse_logosymbol.png","contentUrl":"https:\/\/d1713zmupob0gt.cloudfront.net\/wp-content\/uploads\/2024\/10\/19093628\/cropped-Stine_sofies_stiftelse_logosymbol.png","width":512,"height":512,"caption":"Stine Sofies Stiftelse"},"image":{"@id":"https:\/\/www.stinesofiesstiftelse.no\/#\/schema\/logo\/image\/"},"sameAs":["https:\/\/www.facebook.com\/StineSofiesStiftelse\/"]}]}},"mfb_rest_fields":["title","yoast_head","yoast_head_json"],"_links":{"self":[{"href":"https:\/\/www.stinesofiesstiftelse.no\/sma\/wp-json\/wp\/v2\/pages\/4873","targetHints":{"allow":["GET"]}}],"collection":[{"href":"https:\/\/www.stinesofiesstiftelse.no\/sma\/wp-json\/wp\/v2\/pages"}],"about":[{"href":"https:\/\/www.stinesofiesstiftelse.no\/sma\/wp-json\/wp\/v2\/types\/page"}],"author":[{"embeddable":true,"href":"https:\/\/www.stinesofiesstiftelse.no\/sma\/wp-json\/wp\/v2\/users\/2"}],"replies":[{"embeddable":true,"href":"https:\/\/www.stinesofiesstiftelse.no\/sma\/wp-json\/wp\/v2\/comments?post=4873"}],"version-history":[{"count":2,"href":"https:\/\/www.stinesofiesstiftelse.no\/sma\/wp-json\/wp\/v2\/pages\/4873\/revisions"}],"predecessor-version":[{"id":14621,"href":"https:\/\/www.stinesofiesstiftelse.no\/sma\/wp-json\/wp\/v2\/pages\/4873\/revisions\/14621"}],"up":[{"embeddable":true,"href":"https:\/\/www.stinesofiesstiftelse.no\/sma\/wp-json\/wp\/v2\/pages\/4527"}],"wp:featuredmedia":[{"embeddable":true,"href":"https:\/\/www.stinesofiesstiftelse.no\/sma\/wp-json\/wp\/v2\/media\/3071"}],"wp:attachment":[{"href":"https:\/\/www.stinesofiesstiftelse.no\/sma\/wp-json\/wp\/v2\/media?parent=4873"}],"curies":[{"name":"wp","href":"https:\/\/api.w.org\/{rel}","templated":true}]}}